{"id":3,"date":"2021-01-20T09:13:26","date_gmt":"2021-01-20T09:13:26","guid":{"rendered":"https:\/\/kuk.def.content-data.de\/?page_id=3"},"modified":"2021-04-07T08:41:50","modified_gmt":"2021-04-07T08:41:50","slug":"datenschutz","status":"publish","type":"page","link":"https:\/\/kemmann-koch.de\/en\/datenschutz\/","title":{"rendered":"privacy"},"content":{"rendered":"<p>[et_pb_section fb_built=&#8221;1&#8243; _builder_version=&#8221;4.9.3&#8243; _module_preset=&#8221;default&#8221; background_image=&#8221;https:\/\/kemmann-koch.de\/wp-content\/uploads\/2021\/02\/Header_KemmannKoch3.jpg&#8221; parallax=&#8221;on&#8221; parallax_method=&#8221;off&#8221; min_height=&#8221;550px&#8221; min_height_tablet=&#8221;&#8221; min_height_phone=&#8221;&#8221; min_height_last_edited=&#8221;on|desktop&#8221; hover_enabled=&#8221;0&#8243; sticky_enabled=&#8221;0&#8243;][et_pb_row _builder_version=&#8221;4.9.3&#8243; _module_preset=&#8221;default&#8221; background_enable_image=&#8221;off&#8221; transform_translate=&#8221;17px|258px&#8221; transform_translate_linked=&#8221;off&#8221; width=&#8221;45%&#8221; module_alignment=&#8221;left&#8221; custom_padding=&#8221;||2px|||&#8221; hover_enabled=&#8221;0&#8243; transform_styles_last_edited=&#8221;on|phone&#8221; transform_scale_last_edited=&#8221;on|phone&#8221; transform_translate_last_edited=&#8221;on|phone&#8221; transform_rotate_last_edited=&#8221;on|desktop&#8221; transform_skew_last_edited=&#8221;on|desktop&#8221; transform_origin_last_edited=&#8221;on|desktop&#8221; sticky_enabled=&#8221;0&#8243; transform_translate_phone=&#8221;0px|40px&#8221; width_last_edited=&#8221;on|phone&#8221; width_phone=&#8221;75%&#8221;][et_pb_column type=&#8221;4_4&#8243; _builder_version=&#8221;4.8.1&#8243; _module_preset=&#8221;default&#8221; background_color=&#8221;rgba(0,0,0,0.48)&#8221; custom_padding=&#8221;15px|15px|15px|15px|false|false&#8221;][et_pb_text _builder_version=&#8221;4.9.3&#8243; _module_preset=&#8221;default&#8221; text_font=&#8221;||||||||&#8221; text_text_color=&#8221;#FFFFFF&#8221; header_text_color=&#8221;#FFFFFF&#8221; hover_enabled=&#8221;0&#8243; header_font_size_last_edited=&#8221;on|phone&#8221; sticky_enabled=&#8221;0&#8243; header_font_size_phone=&#8221;21px&#8221;]<\/p>\n<h1><strong>Rechtliche Informationen<\/strong><\/h1>\n<p>[\/et_pb_text][\/et_pb_column][\/et_pb_row][\/et_pb_section][et_pb_section fb_built=&#8221;1&#8243; admin_label=&#8221;section&#8221; _builder_version=&#8221;4.9.0&#8243; top_divider_style=&#8221;asymmetric2&#8243; top_divider_color=&#8221;#374a7e&#8221;][et_pb_row admin_label=&#8221;row&#8221; _builder_version=&#8221;4.9.3&#8243; background_size=&#8221;initial&#8221; background_position=&#8221;top_left&#8221; background_repeat=&#8221;repeat&#8221; hover_enabled=&#8221;0&#8243; sticky_enabled=&#8221;0&#8243;][et_pb_column type=&#8221;4_4&#8243; _builder_version=&#8221;3.25&#8243; custom_padding=&#8221;|||&#8221; custom_padding__hover=&#8221;|||&#8221;][et_pb_text admin_label=&#8221;Text&#8221; _builder_version=&#8221;4.9.3&#8243; background_size=&#8221;initial&#8221; background_position=&#8221;top_left&#8221; background_repeat=&#8221;repeat&#8221; hover_enabled=&#8221;0&#8243; header_font_size_last_edited=&#8221;on|phone&#8221; sticky_enabled=&#8221;0&#8243; header_font_size_phone=&#8221;21px&#8221;]<\/p>\n<blockquote>\n<h1>Datenschutzerkl\u00e4rung<\/span><\/h1>\n<\/blockquote>\n<div class=\"trbox-body\">\n<p style=\"text-align: justify;\">Wir nehmen den Schutz Ihrer pers\u00f6nlichen Daten sehr ernst und halten uns an die Regeln der Datenschutzgesetze. So werden personenbezogene Daten auf dieser Webseite nur im technisch notwendigen Umfang und zur Optimierung des Onlineangebotes erhoben. In keinem Fall werden die erhobenen Daten verkauft oder aus anderen Gr\u00fcnden an Dritte weitergegeben.<\/p>\n<p style=\"text-align: justify;\">Die nachfolgende Erkl\u00e4rung gibt Ihnen einen \u00dcberblick dar\u00fcber, wie wir diesen Schutz gew\u00e4hrleisten und welche Art von Daten zu welchem Zweck erhoben werden. Dabei bem\u00fchen wir uns, stets die Grunds\u00e4tze der Datenvermeidung und der Datenminimierung zu ber\u00fccksichtigen.<\/p>\n<h2 style=\"text-align: justify;\">1. Name und Anschrift des Verantwortlichen<\/h2>\n<p style=\"text-align: justify;\">Der Verantwortliche im Sinne der Datenschutz-Grundverordnung (DSGVO) und anderer nationaler Datenschutzgesetze der Mitgliedsstaaten sowie sonstiger datenschutzrechtlicher Bestimmungen ist die:<\/p>\n<p style=\"text-align: justify;\"><strong>Kemmann &amp; Koch GmbH &amp; Co. KG<\/strong><br \/>\nLieversfeld 4<br \/>\n42551 Velbert<br \/>\n+49 (0)2051 254521<br \/>\nEmail:<span>\u00a0<\/span><span id=\"cloaka79ac6a8ee04e505bf1efa3704e37bca\"><a href=\"mailto:kuk@kemmann-koch.de\">kuk@kemmann-koch.de<\/a><\/span><\/p>\n<p style=\"text-align: justify;\"><span style=\"font-size: 14px;\">Gesch\u00e4ftsf\u00fchrer: Edgar Kemmann<\/span><\/p>\n<p style=\"text-align: justify;\">Aufgrund der geringen Anzahl mit personenbezogenen Daten beauftragter Mitarbeiter ist kein Datenschutzbeauftragter zu benennen.<\/p>\n<h2 style=\"text-align: justify;\">2. Begriffserkl\u00e4rungen<\/h2>\n<p style=\"text-align: justify;\">Wir haben unsere Datenschutzerkl\u00e4rung nach den Grunds\u00e4tzen der Klarheit und Transparenz gestaltet. Sollten dennoch Unklarheiten in Bezug auf die Verwendung von verschiedenen Begrifflichkeiten bestehen, k\u00f6nnen die entsprechenden Definitionen auf https:\/\/dsgvo-gesetz.de\/art-4-dsgvo\/ eingesehen werden.<\/p>\n<h2 style=\"text-align: justify;\">3. Rechtsgrundlage f\u00fcr die Verarbeitung von personenbezogenen Daten<\/h2>\n<p style=\"text-align: justify;\">Wir verarbeiten Ihre personenbezogenen Daten wie bspw. Ihren Namen, Vornamen, E-Mail-Adresse, IP-Adresse usw. nur, wenn hierf\u00fcr eine gesetzliche Grundlage gegeben ist. Hier kommen nach der Datenschutzgrundverordnung insbesondere drei Regelungen in Betracht:<br \/>\na) Sie haben uns Ihre Einwilligung zu der Verarbeitung Ihrer personenbezogenen Daten f\u00fcr einen oder mehrere Zwecke erteilt, Art. 6 Abs. 1 S. 1 lit. a DSGVO. Sie werden in diesem Zusammenhang von uns \u00fcber den bzw. die Zwecke der Verarbeitung von uns ausf\u00fchrlich informiert und Ihre ausdr\u00fcckliche Einwilligung dokumentiert.<br \/>\nb) Die Verarbeitung Ihrer personenbezogenen Daten ist f\u00fcr die Erf\u00fcllung eines Vertrags oder zur Durchf\u00fchrung vorvertraglicher Ma\u00dfnahmen mit Ihnen erforderlich, Art. 6 Abs. 1 S. 1 lit. b DSGVO.<br \/>\nc) Die Verarbeitung der personenbezogenen Daten ist zur Wahrung unserer berechtigten Interessen erforderlich, sofern nicht Ihre Interessen oder Grundrechte und Grundfreiheiten \u00fcberwiegen, Art. 6 Abs. 1 S. 1 lit. f DSGVO.<br \/>\nWir weisen Sie aber an den jeweiligen Stellen immer noch einmal darauf hin, auf welcher Rechtsgrundlage die Verarbeitung Ihrer personenbezogenen Daten erfolgt.<\/p>\n<h2 style=\"text-align: justify;\">4. Weitergabe der personenbezogenen Daten<\/h2>\n<p><span style=\"font-size: 14px; text-align: justify;\">Eine \u00dcbermittlung Ihrer pers\u00f6nlichen Daten an Dritte zu anderen als den im Folgenden aufgef\u00fchrten Zwecken findet nicht statt. Wir geben Ihre pers\u00f6nlichen Daten nur an Dritte weiter, wenn:<\/span><\/p>\n<p style=\"text-align: justify;\">a) Sie Ihre nach Art. 6 Abs. 1 S. 1 lit. a DSGVO ausdr\u00fcckliche Einwilligung dazu erteilt haben,<br \/>\nb) die Weitergabe nach Art. 6 Abs. 1 S. 1 lit. f DSGVO zur Geltendmachung, Aus\u00fcbung oder Verteidigung von Rechtsanspr\u00fcchen erforderlich ist und kein Grund zur Annahme besteht, dass Sie ein \u00fcberwiegendes schutzw\u00fcrdiges Interesse an der Nichtweitergabe Ihrer Daten haben,<br \/>\nc) f\u00fcr den Fall, dass f\u00fcr die Weitergabe nach Art. 6 Abs. 1 S. 1 lit. c DSGVO eine gesetzliche Verpflichtung besteht, sowie<br \/>\nd) dies gesetzlich zul\u00e4ssig und nach Art. 6 Abs. 1 S. 1 lit. B DSGVO f\u00fcr die Abwicklung von Vertragsverh\u00e4ltnissen mit Ihnen erforderlich ist.<\/p>\n<h2 style=\"text-align: justify;\">5. Speicherdauer und L\u00f6schung<\/h2>\n<p style=\"text-align: justify;\">Wir speichern alle personenbezogenen Daten, die Sie uns \u00fcbermitteln, nur so lange, wie sie ben\u00f6tigt werden, um die Zwecke zu erf\u00fcllen, zu denen diese Daten \u00fcbermittelt wurden, oder solange dies von Gesetzes wegen vorgeschrieben ist. Mit Zweckerf\u00fcllung und\/oder Ablauf der gesetzlichen Speicherungsfristen werden die Daten von uns gel\u00f6scht oder gesperrt.<\/p>\n<h2 style=\"text-align: justify;\">6. SSL-Verschl\u00fcsselung<\/h2>\n<p style=\"text-align: justify;\">Die Internetseite der Kemmann &amp; Koch (www.kemmann-koch.de) nutzt aus Gr\u00fcnden der Sicherheit und zum Schutz der \u00dcbertragung vertraulicher Inhalte, wie zum Beispiel der Anfragen, die Sie an uns als Seitenbetreiber senden, eine SSL-Verschl\u00fcsselung. Eine verschl\u00fcsselte Verbindung erkennen Sie daran, dass die Adresszeile des Browsers von \u201ehttp:\/\/\u201c auf \u201ehttps:\/\/\u201c wechselt und an dem Schloss-Symbol in Ihrer Browserzeile.<br \/>\nWenn die SSL Verschl\u00fcsselung aktiviert ist, k\u00f6nnen die Daten, die Sie an uns \u00fcbermitteln, nicht von Dritten mitgelesen werden.<\/p>\n<h2 style=\"text-align: justify;\">7. Erhebung und Speicherung von personenbezogenen Daten sowie deren Art und Zweck der Verwendung<\/h2>\n<p style=\"text-align: justify;\">a) Beim Besuch der Website<br \/>\nBeim Aufrufen unserer Website werden durch den auf Ihrem Endger\u00e4t zum Einsatz kommenden Browser automatisch Informationen an den Server unserer Website gesendet. Diese Informationen werden tempor\u00e4r in einem sog. Logfile gespeichert. Folgende Informationen werden dabei ohne Ihr Zutun erfasst und bis zur automatisierten L\u00f6schung gespeichert:<br \/>\n\u2022 IP-Adresse des anfragenden Rechners,<br \/>\n\u2022 Datum und Uhrzeit des Zugriffs,<br \/>\n\u2022 Name und URL der abgerufenen Datei,<br \/>\n\u2022 Website, von der aus der Zugriff erfolgt (Referrer-URL),<br \/>\n\u2022 verwendeter Browser und ggf. das Betriebssystem Ihres Rechners sowie der Name Ihres Access-Providers.<br \/>\nDie genannten Daten werden durch uns zu folgenden Zwecken verarbeitet:<br \/>\nAuswertung der Systemsicherheit und Systemstabilit\u00e4t sowie<br \/>\nDaten, die einen R\u00fcckschluss auf Ihre Person zulassen, wie bspw. die IP-Adressen werden sp\u00e4testens nach 7 Tagen gel\u00f6scht. Sollten wir die Daten \u00fcber diesen Zeitraum hinaus speichern, werden diese Daten pseudonymisiert, so dass eine Zuordnung zu Ihnen nicht mehr m\u00f6glich ist.<br \/>\nDie Rechtsgrundlage f\u00fcr die Datenverarbeitung ist Art. 6 Abs. 1 S. 1 lit. F DSGVO. Unser berechtigtes Interesse folgt aus oben aufgelisteten Zwecken zur Datenerhebung. In keinem Fall verwenden wir die erhobenen Daten zu dem Zweck, R\u00fcckschl\u00fcsse auf Ihre Person zu ziehen. Dar\u00fcber hinaus setzen wir beim Besuch unserer Website Cookies sowie Analysedienste ein. N\u00e4here Erl\u00e4uterungen dazu erhalten Sie unter den Ziff. 9 und 10 dieser Datenschutzerkl\u00e4rung.<\/p>\n<p style=\"text-align: justify;\">b) Kontaktformular \/ E-Mail-Kontakt<br \/>\nWir stellen Ihnen auf unserer Website ein Formular zur Verf\u00fcgung, so dass Sie die M\u00f6glichkeit haben, jederzeit Kontakt mit uns aufzunehmen. F\u00fcr die Verwendung des Kontaktformulars ist die Angabe eines Namens f\u00fcr eine pers\u00f6nliche Anrede und einer g\u00fcltigen E-Mail-Adresse zur Kontaktaufnahme notwendig, damit wir wissen, von wem die Anfrage stammt und diese auch bearbeiten k\u00f6nnen.<br \/>\nWenn Sie uns per Kontaktformular Anfragen zukommen lassen, werden Ihre Angaben aus dem Anfrageformular inklusive der von Ihnen dort angegebenen Kontaktdaten sowie Ihre IP-Adresse gem. Art. 6 Abs. 1 lit. b und f DSGVO zur Durchf\u00fchrung vorvertraglicher Ma\u00dfnahmen, die auf Ihre Anfrage hin erfolgen bzw. zur Wahrnehmung unseres berechtigten Interesses, n\u00e4mlich zur Aus\u00fcbung unserer gesch\u00e4ftlichen T\u00e4tigkeit verarbeitet.<br \/>\nGerne k\u00f6nnen Sie uns auch eine E-Mail unter Verwendung der auf unserer Website angegebenen E-Mail-Adresse zusenden. Wir speichern und verarbeiten in diesem Fall Ihre E-Mail-Adresse sowie die von Ihnen im Rahmen der E-Mail gemachten Angaben gem. Art. Art. 6 Abs. 1 lit. b und f DSGVO zur Bearbeitung Ihrer Nachricht.<br \/>\nDie Anfragen sowie die damit einhergehenden Daten werden sp\u00e4testens 3 Monate nach Erhalt gel\u00f6scht, sofern diese nicht f\u00fcr eine weitere vertragliche Beziehung ben\u00f6tigt werden.<\/p>\n<p style=\"text-align: justify;\">c) Google Fonts<br \/>\nAuf unseren Internetseiten verwenden wir Google Fonts. Hierdurch wir die Darstellung von Schriften erm\u00f6glicht. Google Fonts ist ein Dienst der Google Inc. (\u201eGoogle\u201c). Die Einbindung dieser Web Fonts erfolgt durch einen Serveraufruf, in der Regel ein Server von Google in den USA. Hierdurch wird an den Server m\u00f6glicherweise folgendes \u00fcbermittelt und von Google gespeichert:<br \/>\n\u2022 Name des verwendeten Browsers<br \/>\n\u2022 Version des Browsers<br \/>\n\u2022 Website von der die Anfrage ausgel\u00f6st wurde<br \/>\n\u2022 Betriebssystem des Users<br \/>\n\u2022 Bildschirmaufl\u00f6sung des Users<br \/>\n\u2022 IP-Adresse des Users<br \/>\n\u2022 Spracheinstellungen des Browser bzw. des Betriebssystems, dass der User nutzt<br \/>\nN\u00e4here Informationen finden Sie in den Datenschutzhinweisen von Google, die Sie hier abrufen k\u00f6nnen:<br \/>\nwww.google.com\/fonts#AboutPlace:about<br \/>\nwww.google.com\/policies\/privacy\/<br \/>\nDer Einsatz von Google Fonts dient dazu, Ihnen das Lesen unserer Website zu vereinfachen und grafisch angenehmer zu gestalten und erfolgt somit auf Grundlage unserer berechtigten Interessen gem. Art. 6 Abs. 1 lit. f DSGVO.<\/p>\n<p style=\"text-align: justify;\">d) Verwendung von Google Maps<br \/>\nUnsere Website verwendet die Google Maps API. Durch die Nutzung von Google Maps k\u00f6nnen Informationen \u00fcber Ihre Benutzung dieser Website (einschlie\u00dflich Ihrer IP-Adresse) an einen Server von Google (Google Inc., 1600 Amphitheatre Parkway, Mountain View, California, 94043) in den USA \u00fcbertragen und dort gespeichert werden.<br \/>\nGoogle wird die durch Maps gewonnenen Informationen gegebenenfalls an Dritte \u00fcbertragen, sofern dies gesetzlich vorgeschrieben ist oder soweit Dritte diese Daten im Auftrag von Google verarbeiten. Ihre IP-Adresse wird aber auf keinen Fall mit anderen Daten von Google in Verbindung gebracht. Dennoch m\u00fcssen wir Sie darauf hinweisen, dass es technisch durchaus m\u00f6glich w\u00e4re, dass Google einzelne Nutzer auf Grund der erhaltenen Daten identifizieren k\u00f6nnte.<br \/>\nWir haben ebenfalls keinen Einfluss darauf, ob Ihre personenbezogenen Daten und Pers\u00f6nlichkeitsprofile von Google f\u00fcr andere Zwecke verarbeitet werden. Wenn Sie dies auf jeden Fall vermeiden wollen, dann k\u00f6nnen Sie den Service von Google Maps deaktivieren und somit den Datentransfer zu Google unterbinden. Hierzu m\u00fcssen Sie lediglich JavaScript in Ihrem Browser deaktivieren. In diesem Fall werden keine Daten \u00fcbertragen, Sie k\u00f6nnen aber die Kartenanzeige auf unserer Website auch nicht mehr nutzen.<br \/>\nDie Google-Datenschutzerkl\u00e4rung finden Sie unter https:\/\/www.google.com\/policies\/privacy\/?hl=de<br \/>\nDer Einsatz von Google Maps stellt einen Service f\u00fcr Sie dar, damit Sie unseren Standort genau erkennen und ggfs. Ihren Besuch bei uns besser planen k\u00f6nnen. Die Verwendung von Google Maps erfolgt somit auf Grundlage unserer berechtigten Interessen gem. Art. 6 Abs. 1 lit. f DSGVO.<\/p>\n<h2 style=\"text-align: justify;\">8. Weiterleitung (Links) zu Internetauftritten von Partnern im Gesch\u00e4ftswesen<\/h2>\n<p style=\"text-align: justify;\">Nutzt die betroffene Person die M\u00f6glichkeit, \u00fcber die Links in unserem Webauftritt auf die Internetseite von Partnern im Gesch\u00e4ftswesen zu gelangen, ist f\u00fcr die Nutzung dieser Internetseiten ausschlie\u00dflich die Datenschutzerkl\u00e4rung des jeweiligen Inhabers der Internetseite ausschlaggebend.<br \/>\nDie Firma Kemmann &amp; Koch \u00fcbernimmt f\u00fcr die Datenverarbeitung und eventuelle Speicherung personenbezogener Daten der jeweiligen Internetauftritte von Partnern im Gesch\u00e4ftsbetrieb keine Verantwortung.<br \/>\nUm Missbrauch zu vermeiden werden die IP-Adresse des Nutzers sowie Datum und Uhrzeit der Registrierung gespeichert. Dies dient dazu, einen Missbrauch der Dienste zu verhindern. Eine Weitergabe der Daten an Dritte erfolgt nicht. Eine Ausnahme besteht dann, wenn eine gesetzliche Verpflichtung zur Weitergabe besteht.<\/p>\n<h2 style=\"text-align: justify;\">9. Cookies<\/h2>\n<p style=\"text-align: justify;\">Die Internetseite der Kemmann &amp; Koch setzt Cookies ein. Cookies sind kleine Daten, die Ihr Browser automatisch erstellt und auf Ihrem Endger\u00e4t gespeichert werden, wenn Sie unsere Website besuchen. Diese Cookies dienen dazu, Informationen im Zusammenhang mit dem jeweils eingesetzten Endger\u00e4t abzulegen. Eine pers\u00f6nliche Identifikation von Ihnen ist aber durch die Cookies nicht m\u00f6glich.<br \/>\nHierbei werden verschiedene Arten von Cookies eingesetzt.<\/p>\n<p style=\"text-align: justify;\">a.) Um Ihnen die Nutzung unseres Angebots angenehmer zu gestalten, setzen wir sogenannte Session-Cookies ein, um zu erkennen, dass Sie einzelne Seiten unserer Website bereits besucht haben.<br \/>\nHier wird das Datum Ihres letzten Besuchs gespeichert. Dieser Cookie wird nach einem Jahr gel\u00f6scht.<\/p>\n<p style=\"text-align: justify;\">b.) Wir setzen ebenfalls Cookies ein, die uns erlauben, Sie wieder zu erkennen, wenn Sie unsere Website erneut besuchen und unsere Dienste in Anspruch nehmen. So m\u00fcssen Sie Ihre Eingaben und Einstellungen, die Sie das letzte Mal get\u00e4tigt haben, nicht erneut vornehmen.<br \/>\nDiese tempor\u00e4ren Cookies werden f\u00fcr einen bestimmten festgelegten Zeitraum auf Ihrem Endger\u00e4t gespeichert.<\/p>\n<p style=\"text-align: justify;\">c.) Schlie\u00dflich setzen wir auch Cookies zu Optimierungszwecken ein. Diese erfassen die Nutzung unserer Website statistisch und werden zum Zwecke der Optimierung des Angebots an Sie ausgewertet. Die Cookies erm\u00f6glichen die Wiedererkennung Ihres Internetbrowsers, wenn Sie unsere Website erneut besuchen.<br \/>\nDiese Cookies werden nach einer jeweils definierten Zeit automatisch gel\u00f6scht.<\/p>\n<p style=\"text-align: justify;\">d.) Die durch Cookies verarbeiteten Daten sind f\u00fcr die genannten Zwecke zur Wahrung unserer berechtigten Interessen sowie der Dritter nach Art. 6 Abs. 1 S. 1 lit. f DSGVO erforderlich.<br \/>\nDie meisten Browser akzeptieren Cookies auf Grund deren Voreinstellung automatisch. Sie k\u00f6nnen Ihren Browser jedoch so konfigurieren, dass entweder gar keine Cookies auf Ihrem Endger\u00e4t gespeichert werden oder aber zumindest ein Hinweis angezeigt wird, bevor ein neuer Cookie gespeichert wird. Wenn Sie die Cookie-Funktion in Ihrem Browser vollst\u00e4ndig Deaktivieren, kann es sein, dass Sie nicht alle Funktionen unserer Website nutzen k\u00f6nnen.<\/p>\n<h2 style=\"text-align: justify;\">10.) Analyse- und Trackingtools<\/h2>\n<p style=\"text-align: justify;\">Setzen wir nicht ein.<\/p>\n<h2 style=\"text-align: justify;\">11.) Rechte des Betroffenen<\/h2>\n<p style=\"text-align: justify;\">Ihnen stehen folgende Rechte zu:<\/p>\n<p style=\"text-align: justify;\"><strong>a.) Auskunft<\/strong><br \/>\nSie haben gem\u00e4\u00df Art. 15 DSGVO das Recht, Auskunft \u00fcber Ihre von uns verarbeiteten personenbezogenen Daten zu verlangen. Dieses Auskunftsrecht beinhaltet die Informationen \u00fcber die Verarbeitungszwecke, die Kategorien der personenbezogenen Daten, die Empf\u00e4nger oder Kategorien von Empf\u00e4ngern, gegen\u00fcber denen Ihre Daten offengelegt wurden oder werden, die geplante Speicherdauer oder zumindest die Kriterien f\u00fcr die Festlegung der Speicherdauer, das Bestehen eines Rechts auf Berichtigung, L\u00f6schung, Einschr\u00e4nkung der Verarbeitung oder Widerspruch, das Bestehen eines Beschwerderechts bei einer Aufsichtsbeh\u00f6rde, die Herkunft Ihrer personenbezogenen Daten, sofern diese nicht bei uns erhoben wurden, sowie \u00fcber das Bestehen einer automatisierten Entscheidungsfindung einschlie\u00dflich Profiling und ggf. aussagekr\u00e4ftigen Informationen zu deren Einzelheiten verlangen.<\/p>\n<p style=\"text-align: justify;\"><strong>b.) Berichtigung<\/strong><br \/>\nIhnen steht nach Art. 16 DSGVO ein Recht auf unverz\u00fcgliche Berichtigung unrichtiger oder unvollst\u00e4ndiger gespeicherter Daten bei uns zu.<\/p>\n<p style=\"text-align: justify;\"><strong>c.) L\u00f6schung<\/strong><br \/>\nSie haben das Recht, die unverz\u00fcgliche L\u00f6schung Ihrer personenbezogenen Daten bei uns zu verlangen, soweit die weitere Verarbeitung nicht aus einen der nachfolgenden Gr\u00fcnde erforderlich ist:<br \/>\nzur Aus\u00fcbung des Rechts auf freie Meinungs\u00e4u\u00dferung und Information;<br \/>\nzur Erf\u00fcllung einer rechtlichen Verpflichtung, die die Verarbeitung nach dem Recht der Union oder der Mitgliedstaaten, dem der Verantwortliche unterliegt, erfordert, oder zur Wahrnehmung einer Aufgabe, die im \u00f6ffentlichen Interesse liegt oder in Aus\u00fcbung \u00f6ffentlicher Gewalt erfolgt, die dem Verantwortlichen \u00fcbertragen wurde;<br \/>\naus Gr\u00fcnden des \u00f6ffentlichen Interesses im Bereich der \u00f6ffentlichen Gesundheit gem\u00e4\u00df Art. 9 Abs. 2 lit. h und i sowie Art. 9 Abs. 3 DSGVO;<br \/>\nf\u00fcr im \u00f6ffentlichen Interesse liegende Archivzwecke, wissenschaftliche oder historische Forschungszwecke oder f\u00fcr statistische Zwecke gem. Art. 89 Abs. 1 DSGVO, soweit das unter Abschnitt a) genannte Recht voraussichtlich die Verwirklichung der Ziele dieser Verarbeitung unm\u00f6glich macht oder ernsthaft beeintr\u00e4chtigt, oder<br \/>\nzur Geltendmachung, Aus\u00fcbung oder Verteidigung von Rechtsanspr\u00fcchen.<\/p>\n<p style=\"text-align: justify;\"><strong>d.) Einschr\u00e4nkung der Verarbeitung<\/strong><br \/>\nSie k\u00f6nnen gem. Art. 18 DSGVO die Einschr\u00e4nkung der Verarbeitung Ihrer personenbezogenen Daten aus einen der nachfolgenden Gr\u00fcnde verlangen.<br \/>\nSie bestreiten die Richtigkeit Ihrer personenbezogenen Daten.<br \/>\nDie Verarbeitung ist unrechtm\u00e4\u00dfig und Sie lehnen die L\u00f6schung der personenbezogenen Daten ab.<br \/>\nWie ben\u00f6tigen die personenbezogenen Daten f\u00fcr die Zwecke der Verarbeitung nicht l\u00e4nger, Sie ben\u00f6tige diese jedoch zur Geltendmachung, Aus\u00fcbung oder Verteidigung von Rechtsanspr\u00fcchen.<br \/>\nSie legen Widerspruch gegen die Verarbeitung gem\u00e4\u00df Art. 21 Absatz 1 DSGVO ein.<\/p>\n<p style=\"text-align: justify;\"><strong>e.) Unterrichtung<\/strong><br \/>\nWenn Sie die Berichtigung oder L\u00f6schung Ihrer personenbezogenen Daten oder eine Einschr\u00e4nkung der Verarbeitung nach Artikel 16, Artikel 17 Absatz 1 und Artikel 18 verlangt haben, teilen wir dies allen Empf\u00e4ngern, denen Ihre personenbezogenen Daten offengelegt wurden, mit, es sei denn, dies erweist sich als unm\u00f6glich oder ist mit einem unverh\u00e4ltnism\u00e4\u00dfigen Aufwand verbunden. Sie k\u00f6nnen von uns verlangen, dass wir Ihnen diese Empf\u00e4nger mitteilen.<\/p>\n<p style=\"text-align: justify;\"><strong>f.) \u00dcbermittlung<\/strong><br \/>\nSie haben das Recht, Ihre personenbezogenen Daten, die sie uns bereitgestellt haben, in einem strukturierten, g\u00e4ngigen und maschinenlesbaren Format zu erhalten.<br \/>\nSie haben ebenfalls das Recht, die \u00dcbermittlung dieser Daten an einen Dritten zu verlangen, sofern die Verarbeitung mithilfe automatisierter Verfahren erfolgte und auf einer Einwilligung gem\u00e4\u00df Artikel 6 Absatz 1 Buchstabe a oder Artikel 9 Absatz 2 Buchstabe a oder auf einem Vertrag gem\u00e4\u00df Artikel 6 Absatz 1 Buchstabe b beruht.<\/p>\n<p style=\"text-align: justify;\"><strong>g.) Widerruf<\/strong><br \/>\nSie haben gem. Art. 7 Abs. 3 DSGVO das Recht, ihre erteilte Einwilligung jederzeit uns gegen\u00fcber zu widerrufen. Durch den Widerruf der Einwilligung wird die Rechtm\u00e4\u00dfigkeit der aufgrund der Einwilligung bis zum Widerruf erfolgten Verarbeitung nicht ber\u00fchrt. Zuk\u00fcnftig d\u00fcrfen wir die Datenverarbeitung, die auf Ihrer widerrufenen Einwilligung beruhte nicht mehr fortf\u00fchren.<\/p>\n<p style=\"text-align: justify;\"><strong>h.) Beschwerde<\/strong><br \/>\nSie haben gem. Art. 77 DSGVO das Recht, sich bei einer Aufsichtsbeh\u00f6rde zu beschweren, wenn Sie der Ansicht sind, dass die Verarbeitung Ihrer personenbezogenen Daten gegen die DSGVO verst\u00f6\u00dft.<\/p>\n<p style=\"text-align: justify;\"><strong>i.) Widerspruch<\/strong><br \/>\nSofern Ihre personenbezogenen Daten auf Grundlage von berechtigten Interessen gem\u00e4\u00df Art. 6 Abs. 1 S. 1 lit. f DSGVO verarbeitet werden, haben Sie das Recht, gem\u00e4\u00df Art. 21 DSGVO Widerspruch gegen die Verarbeitung Ihrer personenbezogenen Daten einzulegen, soweit daf\u00fcr Gr\u00fcnde vorliegen, die sich aus Ihrer besonderen Situation ergeben oder sich der Widerspruch gegen Direktwerbung richtet. Im letzteren Fall haben Sie ein generelles Widerspruchsrecht, das ohne Angabe einer besonderen Situation von uns umgesetzt wird. M\u00f6chten Sie von Ihrem Widerrufs- oder Widerspruchsrecht Gebrauch machen, gen\u00fcgt eine E-Mail an<span>\u00a0<\/span><span id=\"cloak98e0fda1b2350e28e358a68423ba0f7c\"><a href=\"mailto:info@kemmann-koch.de\">info@kemmann-koch.de<\/a><\/span><\/p>\n<p style=\"text-align: justify;\"><strong>j.) Automatisierte Entscheidung im Einzelfall einschlie\u00dflich Profiling<\/strong><br \/>\nSie haben das Recht, nicht einer ausschlie\u00dflich auf einer automatisierten Verarbeitung \u2013 einschlie\u00dflich Profiling \u2013 beruhenden Entscheidung unterworfen zu werden, die Ihnen gegen\u00fcber rechtliche Wirkung entfaltet oder Sie in \u00e4hnlicher Weise erheblich beeintr\u00e4chtigt. Dies gilt nicht, wenn die Entscheidung f\u00fcr den Abschluss oder die Erf\u00fcllung eines Vertrags zwischen Ihnen und uns erforderlich ist, aufgrund von Rechtsvorschriften der Union oder der Mitgliedstaaten, denen wir unterliegen, zul\u00e4ssig ist und diese Rechtsvorschriften angemessene Ma\u00dfnahmen zur Wahrung Ihrer Rechte und Freiheiten sowie Ihrer berechtigten Interessen enthalten oder mit Ihrer ausdr\u00fccklichen Einwilligung erfolgt.<br \/>\nAllerdings d\u00fcrfen diese Entscheidungen nicht auf besonderen Kategorien personenbezogener Daten nach Art. 9 Abs. 1 DSGVO beruhen, sofern nicht Art. 9 Abs. 2 lit. a oder g gilt und angemessene Ma\u00dfnahmen zum Schutz der Rechte und Freiheiten sowie Ihrer berechtigten Interessen getroffen wurden.<br \/>\nHinsichtlich der in a) und c) genannten F\u00e4lle treffen wir angemessene Ma\u00dfnahmen, um die Rechte und Freiheiten sowie Ihre berechtigten Interessen zu wahren, wozu mindestens das Recht auf Erwirkung des Eingreifens einer Person von unserer Seite, auf Darlegung des eigenen Standpunkts und auf Anfechtung der Entscheidung geh\u00f6rt.<\/p>\n<h2 style=\"text-align: justify;\">12. \u00c4nderung der Datenschutzerkl\u00e4rung<\/h2>\n<p style=\"text-align: justify;\">Sollten wir die Datenschutzerkl\u00e4rung \u00e4ndern, dann wird dies auf der Homepage kenntlich gemacht und die registrierten Kunden werden per Email dar\u00fcber informiert.<\/p>\n<p style=\"text-align: justify;\">Stand 25.05.2018<\/p>\n<\/div>\n<p><!-- \/wp:heading -->[\/et_pb_text][\/et_pb_column][\/et_pb_row][\/et_pb_section][et_pb_section fb_built=&#8221;1&#8243; _builder_version=&#8221;4.9.0&#8243; _module_preset=&#8221;default&#8221; background_color=&#8221;#374a7e&#8221; custom_margin=&#8221;||||false|false&#8221; custom_padding=&#8221;10px||10px||false|false&#8221;][et_pb_row column_structure=&#8221;3_5,2_5&#8243; _builder_version=&#8221;4.9.0&#8243; _module_preset=&#8221;default&#8221; width=&#8221;85%&#8221; max_width=&#8221;none&#8221;][et_pb_column type=&#8221;3_5&#8243; _builder_version=&#8221;4.9.0&#8243; _module_preset=&#8221;default&#8221;][et_pb_text _builder_version=&#8221;4.9.0&#8243; _module_preset=&#8221;default&#8221; background_layout=&#8221;dark&#8221;]<\/p>\n<p>We have a suitable solution for almost all requirements and together with you we develop the right product for you.<\/p>\n<p><strong>Just talk to us!<\/strong><\/p>\n<p>[\/et_pb_text][\/et_pb_column][et_pb_column type=&#8221;2_5&#8243; _builder_version=&#8221;4.9.0&#8243; _module_preset=&#8221;default&#8221;][et_pb_blurb title=&#8221;Bj\u00f6rn Leymann&#8221; image=&#8221;https:\/\/kemmann-koch.de\/wp-content\/uploads\/2021\/02\/Kontaktbild_rund.jpg&#8221; icon_placement=&#8221;left&#8221; image_max_width=&#8221;100px&#8221; icon_placement_tablet=&#8221;&#8221; icon_placement_phone=&#8221;&#8221; icon_placement_last_edited=&#8221;on|desktop&#8221; _builder_version=&#8221;4.9.0&#8243; _module_preset=&#8221;default&#8221; header_font=&#8221;Indie Flower||||||||&#8221; header_text_color=&#8221;#FFFFFF&#8221; header_font_size=&#8221;30px&#8221; body_text_align=&#8221;left&#8221; body_text_color=&#8221;#FFFFFF&#8221; body_font_size=&#8221;16px&#8221; body_link_text_color=&#8221;#FFFFFF&#8221; module_alignment=&#8221;left&#8221; custom_margin=&#8221;||||false|false&#8221; custom_padding=&#8221;||||false|false&#8221; border_radii_image=&#8221;on|80px|80px|80px|80px&#8221; box_shadow_style_image=&#8221;preset2&#8243;]<\/p>\n<p style=\"text-align: left;\"><span id=\"et-info-phone\"> 02054 &#8211; 25 45 21<\/span><br \/><span id=\"et-info-email\"><\/span> <a href=\"mailto:leymann@kemmann-koch.de\">Email schreiben<\/a><\/p>\n<p>[\/et_pb_blurb][\/et_pb_column][\/et_pb_row][\/et_pb_section]<\/p>","protected":false},"excerpt":{"rendered":"<p>[et_pb_section fb_built=&#8221;1&#8243; _builder_version=&#8221;4.9.3&#8243; _module_preset=&#8221;default&#8221; background_image=&#8221;https:\/\/kemmann-koch.de\/wp-content\/uploads\/2021\/02\/Header_KemmannKoch3.jpg&#8221; parallax=&#8221;on&#8221; parallax_method=&#8221;off&#8221; min_height=&#8221;550px&#8221; min_height_tablet=&#8221;&#8221; min_height_phone=&#8221;&#8221; min_height_last_edited=&#8221;on|desktop&#8221; hover_enabled=&#8221;0&#8243; sticky_enabled=&#8221;0&#8243;][et_pb_row _builder_version=&#8221;4.9.3&#8243; _module_preset=&#8221;default&#8221; background_enable_image=&#8221;off&#8221; transform_translate=&#8221;17px|258px&#8221; transform_translate_linked=&#8221;off&#8221; width=&#8221;45%&#8221; module_alignment=&#8221;left&#8221; custom_padding=&#8221;||2px|||&#8221; hover_enabled=&#8221;0&#8243; transform_styles_last_edited=&#8221;on|phone&#8221; transform_scale_last_edited=&#8221;on|phone&#8221; transform_translate_last_edited=&#8221;on|phone&#8221; transform_rotate_last_edited=&#8221;on|desktop&#8221; transform_skew_last_edited=&#8221;on|desktop&#8221; transform_origin_last_edited=&#8221;on|desktop&#8221; sticky_enabled=&#8221;0&#8243; transform_translate_phone=&#8221;0px|40px&#8221; width_last_edited=&#8221;on|phone&#8221; width_phone=&#8221;75%&#8221;][et_pb_column type=&#8221;4_4&#8243; _builder_version=&#8221;4.8.1&#8243; _module_preset=&#8221;default&#8221; background_color=&#8221;rgba(0,0,0,0.48)&#8221; custom_padding=&#8221;15px|15px|15px|15px|false|false&#8221;][et_pb_text _builder_version=&#8221;4.9.3&#8243; _module_preset=&#8221;default&#8221; text_font=&#8221;||||||||&#8221; text_text_color=&#8221;#FFFFFF&#8221; header_text_color=&#8221;#FFFFFF&#8221; hover_enabled=&#8221;0&#8243; header_font_size_last_edited=&#8221;on|phone&#8221; sticky_enabled=&#8221;0&#8243; header_font_size_phone=&#8221;21px&#8221;] Rechtliche Informationen [\/et_pb_text][\/et_pb_column][\/et_pb_row][\/et_pb_section][et_pb_section fb_built=&#8221;1&#8243; admin_label=&#8221;section&#8221; _builder_version=&#8221;4.9.0&#8243; top_divider_style=&#8221;asymmetric2&#8243; top_divider_color=&#8221;#374a7e&#8221;][et_pb_row admin_label=&#8221;row&#8221; [&hellip;]<\/p>","protected":false},"author":1,"featured_media":0,"parent":0,"menu_order":0,"comment_status":"closed","ping_status":"closed","template":"","meta":{"_et_pb_use_builder":"on","_et_pb_old_content":"<!-- wp:heading --><h2>Who we are<\/h2><!-- \/wp:heading --><!-- wp:paragraph --><p>Our website address is: https:\/\/kemmann-koch.de.<\/p><!-- \/wp:paragraph --><!-- wp:heading --><h2>What personal data we collect and why we collect it<\/h2><!-- \/wp:heading --><!-- wp:heading {\"level\":3} --><h3>Comments<\/h3><!-- \/wp:heading --><!-- wp:paragraph --><p>When visitors leave comments on the site we collect the data shown in the comments form, and also the visitor&#8217;s IP address and browser user agent string to help spam detection.<\/p><!-- \/wp:paragraph --><!-- wp:paragraph --><p>An anonymized string created from your email address (also called a hash) may be provided to the Gravatar service to see if you are using it. The Gravatar service privacy policy is available here: https:\/\/automattic.com\/privacy\/. After approval of your comment, your profile picture is visible to the public in the context of your comment.<\/p><!-- \/wp:paragraph --><!-- wp:heading {\"level\":3} --><h3>Media<\/h3><!-- \/wp:heading --><!-- wp:paragraph --><p>If you upload images to the website, you should avoid uploading images with embedded location data (EXIF GPS) included. Visitors to the website can download and extract any location data from images on the website.<\/p><!-- \/wp:paragraph --><!-- wp:heading {\"level\":3} --><h3>Contact forms<\/h3><!-- \/wp:heading --><!-- wp:heading {\"level\":3} --><h3>Cookies<\/h3><!-- \/wp:heading --><!-- wp:paragraph --><p>If you leave a comment on our site you may opt-in to saving your name, email address and website in cookies. These are for your convenience so that you do not have to fill in your details again when you leave another comment. These cookies will last for one year.<\/p><!-- \/wp:paragraph --><!-- wp:paragraph --><p>If you visit our login page, we will set a temporary cookie to determine if your browser accepts cookies. This cookie contains no personal data and is discarded when you close your browser.<\/p><!-- \/wp:paragraph --><!-- wp:paragraph --><p>When you log in, we will also set up several cookies to save your login information and your screen display choices. Login cookies last for two days, and screen options cookies last for a year. If you select &quot;Remember Me&quot;, your login will persist for two weeks. If you log out of your account, the login cookies will be removed.<\/p><!-- \/wp:paragraph --><!-- wp:paragraph --><p>If you edit or publish an article, an additional cookie will be saved in your browser. This cookie includes no personal data and simply indicates the post ID of the article you just edited. It expires after 1 day.<\/p><!-- \/wp:paragraph --><!-- wp:heading {\"level\":3} --><h3>Embedded content from other websites<\/h3><!-- \/wp:heading --><!-- wp:paragraph --><p>Articles on this site may include embedded content (e.g. videos, images, articles, etc.). Embedded content from other websites behaves in the exact same way as if the visitor has visited the other website.<\/p><!-- \/wp:paragraph --><!-- wp:paragraph --><p>These websites may collect data about you, use cookies, embed additional third-party tracking, and monitor your interaction with that embedded content, including tracking your interaction with the embedded content if you have an account and are logged in to that website.<\/p><!-- \/wp:paragraph --><!-- wp:heading {\"level\":3} --><h3>Analytics<\/h3><!-- \/wp:heading --><!-- wp:heading --><h2>Who we share your data with<\/h2><!-- \/wp:heading --><!-- wp:paragraph --><p>If you request a password reset, your IP address will be included in the reset email.<\/p><!-- \/wp:paragraph --><!-- wp:heading --><h2>How long we retain your data<\/h2><!-- \/wp:heading --><!-- wp:paragraph --><p>If you leave a comment, the comment and its metadata are retained indefinitely. This is so we can recognize and approve any follow-up comments automatically instead of holding them in a moderation queue.<\/p><!-- \/wp:paragraph --><!-- wp:paragraph --><p>For users that register on our website (if any), we also store the personal information they provide in their user profile. All users can see, edit, or delete their personal information at any time (except they cannot change their username). Website administrators can also see and edit that information.<\/p><!-- \/wp:paragraph --><!-- wp:heading --><h2>What rights you have over your data<\/h2><!-- \/wp:heading --><!-- wp:paragraph --><p>If you have an account on this site, or have left comments, you can request to receive an exported file of the personal data we hold about you, including any data you have provided to us. You can also request that we erase any personal data we hold about you. This does not include any data we are obliged to keep for administrative, legal, or security purposes.<\/p><!-- \/wp:paragraph --><!-- wp:heading --><h2>Where we send your data<\/h2><!-- \/wp:heading --><!-- wp:paragraph --><p>Visitor comments may be checked through an automated spam detection service.<\/p><!-- \/wp:paragraph --><!-- wp:heading --><h2>Your contact information<\/h2><!-- \/wp:heading --><!-- wp:heading --><h2>Additional information<\/h2><!-- \/wp:heading --><!-- wp:heading {\"level\":3} --><h3>How we protect your data<\/h3><!-- \/wp:heading --><!-- wp:heading {\"level\":3} --><h3>What data breach procedures we have in place<\/h3><!-- \/wp:heading --><!-- wp:heading {\"level\":3} --><h3>What third parties we receive data from<\/h3><!-- \/wp:heading --><!-- wp:heading {\"level\":3} --><h3>What automated decision making and\/or profiling we do with user data<\/h3><!-- \/wp:heading --><!-- wp:heading {\"level\":3} --><h3>Industry regulatory disclosure requirements<\/h3><!-- \/wp:heading -->","_et_gb_content_width":""},"yoast_head":"<!-- This site is optimized with the Yoast SEO plugin v16.1.1 - https:\/\/yoast.com\/wordpress\/plugins\/seo\/ -->\n<title>Datenschutz - Kemmann &amp; Koch GmbH &amp; Co. Kg<\/title>\n<link rel=\"canonical\" href=\"https:\/\/kemmann-koch.de\/en\/datenschutz\/\" \/>\n<meta property=\"og:locale\" content=\"en_GB\" \/>\n<meta property=\"og:type\" content=\"article\" \/>\n<meta property=\"og:title\" content=\"Datenschutz - Kemmann &amp; Koch GmbH &amp; Co. Kg\" \/>\n<meta property=\"og:description\" content=\"[et_pb_section fb_built=&#8221;1&#8243; _builder_version=&#8221;4.9.3&#8243; _module_preset=&#8221;default&#8221; background_image=&#8221;https:\/\/kemmann-koch.de\/wp-content\/uploads\/2021\/02\/Header_KemmannKoch3.jpg&#8221; parallax=&#8221;on&#8221; parallax_method=&#8221;off&#8221; min_height=&#8221;550px&#8221; min_height_tablet=&#8221;&#8221; min_height_phone=&#8221;&#8221; min_height_last_edited=&#8221;on|desktop&#8221; hover_enabled=&#8221;0&#8243; sticky_enabled=&#8221;0&#8243;][et_pb_row _builder_version=&#8221;4.9.3&#8243; _module_preset=&#8221;default&#8221; background_enable_image=&#8221;off&#8221; transform_translate=&#8221;17px|258px&#8221; transform_translate_linked=&#8221;off&#8221; width=&#8221;45%&#8221; module_alignment=&#8221;left&#8221; custom_padding=&#8221;||2px|||&#8221; hover_enabled=&#8221;0&#8243; transform_styles_last_edited=&#8221;on|phone&#8221; transform_scale_last_edited=&#8221;on|phone&#8221; transform_translate_last_edited=&#8221;on|phone&#8221; transform_rotate_last_edited=&#8221;on|desktop&#8221; transform_skew_last_edited=&#8221;on|desktop&#8221; transform_origin_last_edited=&#8221;on|desktop&#8221; sticky_enabled=&#8221;0&#8243; transform_translate_phone=&#8221;0px|40px&#8221; width_last_edited=&#8221;on|phone&#8221; width_phone=&#8221;75%&#8221;][et_pb_column type=&#8221;4_4&#8243; _builder_version=&#8221;4.8.1&#8243; _module_preset=&#8221;default&#8221; background_color=&#8221;rgba(0,0,0,0.48)&#8221; custom_padding=&#8221;15px|15px|15px|15px|false|false&#8221;][et_pb_text _builder_version=&#8221;4.9.3&#8243; _module_preset=&#8221;default&#8221; text_font=&#8221;||||||||&#8221; text_text_color=&#8221;#FFFFFF&#8221; header_text_color=&#8221;#FFFFFF&#8221; hover_enabled=&#8221;0&#8243; header_font_size_last_edited=&#8221;on|phone&#8221; sticky_enabled=&#8221;0&#8243; header_font_size_phone=&#8221;21px&#8221;] Rechtliche Informationen [\/et_pb_text][\/et_pb_column][\/et_pb_row][\/et_pb_section][et_pb_section fb_built=&#8221;1&#8243; admin_label=&#8221;section&#8221; _builder_version=&#8221;4.9.0&#8243; top_divider_style=&#8221;asymmetric2&#8243; top_divider_color=&#8221;#374a7e&#8221;][et_pb_row admin_label=&#8221;row&#8221; [&hellip;]\" \/>\n<meta property=\"og:url\" content=\"https:\/\/kemmann-koch.de\/en\/datenschutz\/\" \/>\n<meta property=\"og:site_name\" content=\"Kemmann &amp; Koch GmbH &amp; Co. Kg\" \/>\n<meta property=\"article:modified_time\" content=\"2021-04-07T08:41:50+00:00\" \/>\n<meta name=\"twitter:card\" content=\"summary_large_image\" \/>\n<meta name=\"twitter:label1\" content=\"Estimated reading time\">\n\t<meta name=\"twitter:data1\" content=\"17 minutes\">\n<script type=\"application\/ld+json\" class=\"yoast-schema-graph\">{\"@context\":\"https:\/\/schema.org\",\"@graph\":[{\"@type\":\"Organization\",\"@id\":\"https:\/\/kemmann-koch.de\/#organization\",\"name\":\"Kemmann & Koch GmbH & Co. KG\",\"url\":\"https:\/\/kemmann-koch.de\/\",\"sameAs\":[],\"logo\":{\"@type\":\"ImageObject\",\"@id\":\"https:\/\/kemmann-koch.de\/#logo\",\"inLanguage\":\"en-GB\",\"url\":\"https:\/\/kemmann-koch.de\/wp-content\/uploads\/2021\/02\/logo_1.svg\",\"contentUrl\":\"https:\/\/kemmann-koch.de\/wp-content\/uploads\/2021\/02\/logo_1.svg\",\"width\":290,\"height\":75,\"caption\":\"Kemmann & Koch GmbH & Co. KG\"},\"image\":{\"@id\":\"https:\/\/kemmann-koch.de\/#logo\"}},{\"@type\":\"WebSite\",\"@id\":\"https:\/\/kemmann-koch.de\/#website\",\"url\":\"https:\/\/kemmann-koch.de\/\",\"name\":\"Kemmann & Koch - M\\u00f6belbeschl\\u00e4ge und Metallwaren\",\"description\":\"M\\u00f6belbeschl\\u00e4ge und Metallwaren\",\"publisher\":{\"@id\":\"https:\/\/kemmann-koch.de\/#organization\"},\"potentialAction\":[{\"@type\":\"SearchAction\",\"target\":\"https:\/\/kemmann-koch.de\/?s={search_term_string}\",\"query-input\":\"required name=search_term_string\"}],\"inLanguage\":\"en-GB\"},{\"@type\":\"WebPage\",\"@id\":\"https:\/\/kemmann-koch.de\/datenschutz\/#webpage\",\"url\":\"https:\/\/kemmann-koch.de\/datenschutz\/\",\"name\":\"Datenschutz - Kemmann &amp; Koch GmbH &amp; Co. Kg\",\"isPartOf\":{\"@id\":\"https:\/\/kemmann-koch.de\/#website\"},\"datePublished\":\"2021-01-20T09:13:26+00:00\",\"dateModified\":\"2021-04-07T08:41:50+00:00\",\"breadcrumb\":{\"@id\":\"https:\/\/kemmann-koch.de\/datenschutz\/#breadcrumb\"},\"inLanguage\":\"en-GB\",\"potentialAction\":[{\"@type\":\"ReadAction\",\"target\":[\"https:\/\/kemmann-koch.de\/datenschutz\/\"]}]},{\"@type\":\"BreadcrumbList\",\"@id\":\"https:\/\/kemmann-koch.de\/datenschutz\/#breadcrumb\",\"itemListElement\":[{\"@type\":\"ListItem\",\"position\":1,\"item\":{\"@type\":\"WebPage\",\"@id\":\"https:\/\/kemmann-koch.de\/\",\"url\":\"https:\/\/kemmann-koch.de\/\",\"name\":\"Home\"}},{\"@type\":\"ListItem\",\"position\":2,\"item\":{\"@type\":\"WebPage\",\"@id\":\"https:\/\/kemmann-koch.de\/datenschutz\/\",\"url\":\"https:\/\/kemmann-koch.de\/datenschutz\/\",\"name\":\"Datenschutz\"}}]}]}<\/script>\n<!-- \/ Yoast SEO plugin. -->","_links":{"self":[{"href":"https:\/\/kemmann-koch.de\/en\/wp-json\/wp\/v2\/pages\/3"}],"collection":[{"href":"https:\/\/kemmann-koch.de\/en\/wp-json\/wp\/v2\/pages"}],"about":[{"href":"https:\/\/kemmann-koch.de\/en\/wp-json\/wp\/v2\/types\/page"}],"author":[{"embeddable":true,"href":"https:\/\/kemmann-koch.de\/en\/wp-json\/wp\/v2\/users\/1"}],"replies":[{"embeddable":true,"href":"https:\/\/kemmann-koch.de\/en\/wp-json\/wp\/v2\/comments?post=3"}],"version-history":[{"count":7,"href":"https:\/\/kemmann-koch.de\/en\/wp-json\/wp\/v2\/pages\/3\/revisions"}],"predecessor-version":[{"id":1572,"href":"https:\/\/kemmann-koch.de\/en\/wp-json\/wp\/v2\/pages\/3\/revisions\/1572"}],"wp:attachment":[{"href":"https:\/\/kemmann-koch.de\/en\/wp-json\/wp\/v2\/media?parent=3"}],"curies":[{"name":"wp","href":"https:\/\/api.w.org\/{rel}","templated":true}]}}